{"id":46337,"date":"2026-04-26T22:58:48","date_gmt":"2026-04-26T20:58:48","guid":{"rendered":"https:\/\/segimo.ch\/Propri\u00e9t\u00e9\/1739659en-attique-de-55-pieces-avec-terrasses-de-30-m2\/"},"modified":"2026-05-02T07:25:09","modified_gmt":"2026-05-02T05:25:09","slug":"1739659en-attique-de-55-pieces-avec-terrasses-de-30-m2","status":"publish","type":"casawp_property","link":"https:\/\/segimo.ch\/en\/Propri\u00e9t\u00e9\/1739659en-attique-de-55-pieces-avec-terrasses-de-30-m2\/","title":{"rendered":"Attique de 5.5 pi\u00e8ces avec terrasses de 30 m2"},"content":{"rendered":"<h2>Attique de 5.5 pi\u00e8ces avec terrasses de 30 m2 et vue<\/h2>\n<p>Id\u00e9alement situ\u00e9 au coeur du Grand-Lancy, cet <strong>attique<\/strong> de 5.5 pi\u00e8ces, <strong>enti\u00e8rement r\u00e9nov\u00e9 en 2026<\/strong>, offre un cadre de vie moderne, lumineux et privil\u00e9gi\u00e9.<\/p>\n<p>\u00c0 seulement 10 minutes de l&#8217;a\u00e9roport, de Carouge et du centre-ville de Gen\u00e8ve, <strong>ce bien rare b\u00e9n\u00e9ficie d&#8217;un emplacement strat\u00e9gique et recherch\u00e9<\/strong>, \u00e0 proximit\u00e9 imm\u00e9diate des commerces (Coop, Migros, banques, poste, restaurants), des \u00e9coles et des transports publics (bus 22, 23, 42 &#8211; tram 15 et 18 &#8211; L\u00e9man Express \u00e0 700 m).<\/p>\n<p><strong>Caract\u00e9ristiques du bien :<\/strong><\/p>\n<p>Ann\u00e9e de construction : 1973<br \/>Ann\u00e9e de r\u00e9novation : 2026<br \/>\u00c9tage : Attique (dernier \u00e9tage)<br \/>Surface PPE : 126 m\u00b2<br \/>Surface de vente : 136 m\u00b2<br \/>Terrasses : 2 (2 x 15 m2)<br \/>Nombre de pi\u00e8ces : 5.5<br \/>Nombre de chambres : 3<br \/>Bureau\/dressing : 1<br \/>Salles de bains : 2<br \/>WC visiteurs : 1<br \/>Cave : oui<br \/>Box ferm\u00e9 (garage) : oui<br \/>Chauffage : mazout<br \/>Ascenseur : oui<br \/>Digicode : oui<\/p>\n<p><strong>Distribution :<\/strong><\/p>\n<p>1 hall d&#8217;entr\u00e9e avec WC visiteurs, 1 s\u00e9jour spacieux, lumineux et traversant avec acc\u00e8s terrasse, 1 cuisine moderne et enti\u00e8rement \u00e9quip\u00e9e avec acc\u00e8s terrasse,<br \/>1 cellier, 1 suite parentale avec salle d&#8217;eau privative, 2 chambres suppl\u00e9mentaires, 1 dressing\/bureau, 1 salle d&#8217;eau suppl\u00e9mentaire, 1 WC visiteurs, 2 terrasses bien orient\u00e9es<\/p>\n<p><strong>Sous-sol :<\/strong><\/p>\n<p>1 Cave, 1 Buanderie commune, 1 box ferm\u00e9, 1 Jardin collectif<\/p>\n<p><strong>\u00c9tat de l&#8217;immeuble :<\/strong><br \/>Immeuble bien entretenu avec r\u00e9novations r\u00e9guli\u00e8res:<br \/>2014: isolation du pignon nord, ravalement de fa\u00e7ade<br \/>2016: r\u00e9fection du chemin pi\u00e9tonnier<br \/>2022: r\u00e9fection de l&#8217;\u00e9tanch\u00e9it\u00e9 des balcons<\/p>\n<p><strong>Travaux effectu\u00e9s dans l&#8217;appartement en 2026 :<\/strong><br \/>Cuisine neuve<br \/>Salles de bains et WC neufs<br \/>Rev\u00eatements de sols neufs<br \/>Peintures compl\u00e8tes<br \/>\u00c9lectricit\u00e9 remise aux normes<\/p>\n<p><strong>\u00c9coles :<\/strong><br \/>\u00c9coles \u00e0 proximit\u00e9<br \/>\u00c9coles primaires et cycles \u00e0 300 m<br \/>\u00c9cole de commerce \u00e0 700 m<br \/>Institut International de Lancy \u00e0 800 m<\/p>\n<p><strong>Atouts :<\/strong><\/p>\n<p>Attique &#8211; Traversant &#8211; 2 grandes terrasses &#8211; Tr\u00e8s lumineux &#8211;<br \/>Bien rare sur le march\u00e9 &#8211; Enti\u00e8rement r\u00e9nov\u00e9 en 2026 &#8211;<br \/>Proche de toutes les commodit\u00e9s &#8211; Acc\u00e8s rapide centre-ville et a\u00e9roport<\/p>\n<p><strong>Prix de vente :<\/strong> CHF 1&#8217;890&#8217;000.-<\/p>\n<p>Pour toute information ou visite (7j\/7):<\/p>\n<p>Thierry &#8211; 078 817 69 13 ou 022 794 45 30<\/p>\n<p>SEGIMO SA &#8211; Groupe immobilier<br \/>www.segimo.ch<br \/>T\u00e9l. +41 22 794 45 30 | Hotline: 0848 007 001<br \/>\u00a0<\/p>\n<p>\u00a0<br \/>\u00a0<br \/>\u00a0<br \/>\u00a0<br \/>\u00a0<br \/>\u00a0<br \/>\u00a0<br \/>\u00a0<\/p>\n<p>\u00a0\u00a0<\/p>\n","protected":false},"excerpt":{"rendered":"<p>Attique avec deux terrasses, r\u00e9nov\u00e9 en 2026<br \/>\nA proximit\u00e9 imm\u00e9diate des commerces, \u00e9coles, transports et \u00e0 10 minutes de Gen\u00e8ve centre, Carouge et de l&#8217;a\u00e9roport.<\/p>\n","protected":false},"author":0,"featured_media":46340,"parent":0,"menu_order":16,"comment_status":"closed","ping_status":"closed","template":"","meta":{"_et_pb_use_builder":"","_et_pb_old_content":"","_et_gb_content_width":"","footnotes":""},"casawp_category":[79],"casawp_feature":[52,63,54,65,51,108,64,133],"casawp_utility":[56],"casawp_location":[59,60,91],"casawp_salestype":[57],"casawp_availability":[58],"casawp_region":[],"class_list":["post-46337","casawp_property","type-casawp_property","status-publish","has-post-thumbnail","hentry","casawp_category-attic-flat","casawp_feature-has-balcony","casawp_feature-has-elevator","casawp_feature-has-garage","casawp_feature-has-mountain-view","casawp_feature-is-child-friendly","casawp_feature-is-refurbished","casawp_feature-is-sunny","casawp_feature-is-wheelchair-accessible","casawp_utility-residential","casawp_location-country_ch","casawp_location-region_ge","casawp_location-locality_grand-lancy","casawp_salestype-buy","casawp_availability-active"],"yoast_head":"<!-- This site is optimized with the Yoast SEO plugin v27.4 - https:\/\/yoast.com\/product\/yoast-seo-wordpress\/ -->\n<title>Attique de 5.5 pi\u00e8ces avec terrasses de 30 m2 - Segimo<\/title>\n<meta name=\"robots\" content=\"index, follow, max-snippet:-1, max-image-preview:large, max-video-preview:-1\" \/>\n<link rel=\"canonical\" href=\"https:\/\/segimo.ch\/en\/Propri\u00e9t\u00e9\/1739659en-attique-de-55-pieces-avec-terrasses-de-30-m2\/\" \/>\n<meta property=\"og:locale\" content=\"en_US\" \/>\n<meta property=\"og:type\" content=\"article\" \/>\n<meta property=\"og:title\" content=\"Attique de 5.5 pi\u00e8ces avec terrasses de 30 m2 - Segimo\" \/>\n<meta property=\"og:description\" content=\"Attique avec deux terrasses, r\u00e9nov\u00e9 en 2026 A proximit\u00e9 imm\u00e9diate des commerces, \u00e9coles, transports et \u00e0 10 minutes de Gen\u00e8ve centre, Carouge et de l&#039;a\u00e9roport.\" \/>\n<meta property=\"og:url\" content=\"https:\/\/segimo.ch\/en\/Propri\u00e9t\u00e9\/1739659en-attique-de-55-pieces-avec-terrasses-de-30-m2\/\" \/>\n<meta property=\"og:site_name\" content=\"Segimo\" \/>\n<meta property=\"article:modified_time\" content=\"2026-05-02T05:25:09+00:00\" \/>\n<meta property=\"og:image\" content=\"https:\/\/segimo.ch\/wp-content\/uploads\/2020\/12\/elegant-vintage-livingroom-P26VCK5-min-e1608155848757.jpg\" \/>\n\t<meta property=\"og:image:width\" content=\"1980\" \/>\n\t<meta property=\"og:image:height\" content=\"1133\" \/>\n\t<meta property=\"og:image:type\" content=\"image\/jpeg\" \/>\n<meta name=\"twitter:card\" content=\"summary_large_image\" \/>\n<meta name=\"twitter:label1\" content=\"Est. reading time\" \/>\n\t<meta name=\"twitter:data1\" content=\"2 minutes\" \/>\n<script type=\"application\/ld+json\" class=\"yoast-schema-graph\">{\"@context\":\"https:\\\/\\\/schema.org\",\"@graph\":[{\"@type\":\"WebPage\",\"@id\":\"https:\\\/\\\/segimo.ch\\\/en\\\/Propri\u00e9t\u00e9\\\/1739659en-attique-de-55-pieces-avec-terrasses-de-30-m2\\\/\",\"url\":\"https:\\\/\\\/segimo.ch\\\/en\\\/Propri\u00e9t\u00e9\\\/1739659en-attique-de-55-pieces-avec-terrasses-de-30-m2\\\/\",\"name\":\"Attique de 5.5 pi\u00e8ces avec terrasses de 30 m2 - Segimo\",\"isPartOf\":{\"@id\":\"https:\\\/\\\/segimo.ch\\\/en\\\/#website\"},\"primaryImageOfPage\":{\"@id\":\"https:\\\/\\\/segimo.ch\\\/en\\\/Propri\u00e9t\u00e9\\\/1739659en-attique-de-55-pieces-avec-terrasses-de-30-m2\\\/#primaryimage\"},\"image\":{\"@id\":\"https:\\\/\\\/segimo.ch\\\/en\\\/Propri\u00e9t\u00e9\\\/1739659en-attique-de-55-pieces-avec-terrasses-de-30-m2\\\/#primaryimage\"},\"thumbnailUrl\":\"https:\\\/\\\/cdn.casasoft.com\\\/media\\\/provider-13856\\\/property-1625041\\\/cf28d1031a76a99d89b44aa309b1437a.jpeg?p=xl\",\"datePublished\":\"2026-04-26T20:58:48+00:00\",\"dateModified\":\"2026-05-02T05:25:09+00:00\",\"breadcrumb\":{\"@id\":\"https:\\\/\\\/segimo.ch\\\/en\\\/Propri\u00e9t\u00e9\\\/1739659en-attique-de-55-pieces-avec-terrasses-de-30-m2\\\/#breadcrumb\"},\"inLanguage\":\"en-US\",\"potentialAction\":[{\"@type\":\"ReadAction\",\"target\":[\"https:\\\/\\\/segimo.ch\\\/en\\\/Propri\u00e9t\u00e9\\\/1739659en-attique-de-55-pieces-avec-terrasses-de-30-m2\\\/\"]}]},{\"@type\":\"ImageObject\",\"inLanguage\":\"en-US\",\"@id\":\"https:\\\/\\\/segimo.ch\\\/en\\\/Propri\u00e9t\u00e9\\\/1739659en-attique-de-55-pieces-avec-terrasses-de-30-m2\\\/#primaryimage\",\"url\":\"https:\\\/\\\/cdn.casasoft.com\\\/media\\\/provider-13856\\\/property-1625041\\\/cf28d1031a76a99d89b44aa309b1437a.jpeg?p=xl\",\"contentUrl\":\"https:\\\/\\\/cdn.casasoft.com\\\/media\\\/provider-13856\\\/property-1625041\\\/cf28d1031a76a99d89b44aa309b1437a.jpeg?p=xl\"},{\"@type\":\"BreadcrumbList\",\"@id\":\"https:\\\/\\\/segimo.ch\\\/en\\\/Propri\u00e9t\u00e9\\\/1739659en-attique-de-55-pieces-avec-terrasses-de-30-m2\\\/#breadcrumb\",\"itemListElement\":[{\"@type\":\"ListItem\",\"position\":1,\"name\":\"Accueil\",\"item\":\"https:\\\/\\\/segimo.ch\\\/en\\\/\"},{\"@type\":\"ListItem\",\"position\":2,\"name\":\"Properties\",\"item\":\"https:\\\/\\\/segimo.ch\\\/en\\\/Propri\u00e9t\u00e9\\\/\"},{\"@type\":\"ListItem\",\"position\":3,\"name\":\"Attique de 5.5 pi\u00e8ces avec terrasses de 30 m2\"}]},{\"@type\":\"WebSite\",\"@id\":\"https:\\\/\\\/segimo.ch\\\/en\\\/#website\",\"url\":\"https:\\\/\\\/segimo.ch\\\/en\\\/\",\"name\":\"Segimo\",\"description\":\"Groupe Immobilier Gen\u00e8ve - Vaud - Fribourg - Valais\",\"publisher\":{\"@id\":\"https:\\\/\\\/segimo.ch\\\/en\\\/#organization\"},\"potentialAction\":[{\"@type\":\"SearchAction\",\"target\":{\"@type\":\"EntryPoint\",\"urlTemplate\":\"https:\\\/\\\/segimo.ch\\\/en\\\/?s={search_term_string}\"},\"query-input\":{\"@type\":\"PropertyValueSpecification\",\"valueRequired\":true,\"valueName\":\"search_term_string\"}}],\"inLanguage\":\"en-US\"},{\"@type\":\"Organization\",\"@id\":\"https:\\\/\\\/segimo.ch\\\/en\\\/#organization\",\"name\":\"Segimo - Groupe immobilier\",\"url\":\"https:\\\/\\\/segimo.ch\\\/en\\\/\",\"logo\":{\"@type\":\"ImageObject\",\"inLanguage\":\"en-US\",\"@id\":\"https:\\\/\\\/segimo.ch\\\/en\\\/#\\\/schema\\\/logo\\\/image\\\/\",\"url\":\"https:\\\/\\\/segimo.ch\\\/wp-content\\\/uploads\\\/2021\\\/02\\\/logo-segimo.png\",\"contentUrl\":\"https:\\\/\\\/segimo.ch\\\/wp-content\\\/uploads\\\/2021\\\/02\\\/logo-segimo.png\",\"width\":600,\"height\":600,\"caption\":\"Segimo - Groupe immobilier\"},\"image\":{\"@id\":\"https:\\\/\\\/segimo.ch\\\/en\\\/#\\\/schema\\\/logo\\\/image\\\/\"}}]}<\/script>\n<!-- \/ Yoast SEO plugin. -->","yoast_head_json":{"title":"Attique de 5.5 pi\u00e8ces avec terrasses de 30 m2 - Segimo","robots":{"index":"index","follow":"follow","max-snippet":"max-snippet:-1","max-image-preview":"max-image-preview:large","max-video-preview":"max-video-preview:-1"},"canonical":"https:\/\/segimo.ch\/en\/Propri\u00e9t\u00e9\/1739659en-attique-de-55-pieces-avec-terrasses-de-30-m2\/","og_locale":"en_US","og_type":"article","og_title":"Attique de 5.5 pi\u00e8ces avec terrasses de 30 m2 - Segimo","og_description":"Attique avec deux terrasses, r\u00e9nov\u00e9 en 2026 A proximit\u00e9 imm\u00e9diate des commerces, \u00e9coles, transports et \u00e0 10 minutes de Gen\u00e8ve centre, Carouge et de l'a\u00e9roport.","og_url":"https:\/\/segimo.ch\/en\/Propri\u00e9t\u00e9\/1739659en-attique-de-55-pieces-avec-terrasses-de-30-m2\/","og_site_name":"Segimo","article_modified_time":"2026-05-02T05:25:09+00:00","og_image":[{"width":1980,"height":1133,"url":"https:\/\/segimo.ch\/wp-content\/uploads\/2020\/12\/elegant-vintage-livingroom-P26VCK5-min-e1608155848757.jpg","type":"image\/jpeg"}],"twitter_card":"summary_large_image","twitter_misc":{"Est. reading time":"2 minutes"},"schema":{"@context":"https:\/\/schema.org","@graph":[{"@type":"WebPage","@id":"https:\/\/segimo.ch\/en\/Propri\u00e9t\u00e9\/1739659en-attique-de-55-pieces-avec-terrasses-de-30-m2\/","url":"https:\/\/segimo.ch\/en\/Propri\u00e9t\u00e9\/1739659en-attique-de-55-pieces-avec-terrasses-de-30-m2\/","name":"Attique de 5.5 pi\u00e8ces avec terrasses de 30 m2 - Segimo","isPartOf":{"@id":"https:\/\/segimo.ch\/en\/#website"},"primaryImageOfPage":{"@id":"https:\/\/segimo.ch\/en\/Propri\u00e9t\u00e9\/1739659en-attique-de-55-pieces-avec-terrasses-de-30-m2\/#primaryimage"},"image":{"@id":"https:\/\/segimo.ch\/en\/Propri\u00e9t\u00e9\/1739659en-attique-de-55-pieces-avec-terrasses-de-30-m2\/#primaryimage"},"thumbnailUrl":"https:\/\/cdn.casasoft.com\/media\/provider-13856\/property-1625041\/cf28d1031a76a99d89b44aa309b1437a.jpeg?p=xl","datePublished":"2026-04-26T20:58:48+00:00","dateModified":"2026-05-02T05:25:09+00:00","breadcrumb":{"@id":"https:\/\/segimo.ch\/en\/Propri\u00e9t\u00e9\/1739659en-attique-de-55-pieces-avec-terrasses-de-30-m2\/#breadcrumb"},"inLanguage":"en-US","potentialAction":[{"@type":"ReadAction","target":["https:\/\/segimo.ch\/en\/Propri\u00e9t\u00e9\/1739659en-attique-de-55-pieces-avec-terrasses-de-30-m2\/"]}]},{"@type":"ImageObject","inLanguage":"en-US","@id":"https:\/\/segimo.ch\/en\/Propri\u00e9t\u00e9\/1739659en-attique-de-55-pieces-avec-terrasses-de-30-m2\/#primaryimage","url":"https:\/\/cdn.casasoft.com\/media\/provider-13856\/property-1625041\/cf28d1031a76a99d89b44aa309b1437a.jpeg?p=xl","contentUrl":"https:\/\/cdn.casasoft.com\/media\/provider-13856\/property-1625041\/cf28d1031a76a99d89b44aa309b1437a.jpeg?p=xl"},{"@type":"BreadcrumbList","@id":"https:\/\/segimo.ch\/en\/Propri\u00e9t\u00e9\/1739659en-attique-de-55-pieces-avec-terrasses-de-30-m2\/#breadcrumb","itemListElement":[{"@type":"ListItem","position":1,"name":"Accueil","item":"https:\/\/segimo.ch\/en\/"},{"@type":"ListItem","position":2,"name":"Properties","item":"https:\/\/segimo.ch\/en\/Propri\u00e9t\u00e9\/"},{"@type":"ListItem","position":3,"name":"Attique de 5.5 pi\u00e8ces avec terrasses de 30 m2"}]},{"@type":"WebSite","@id":"https:\/\/segimo.ch\/en\/#website","url":"https:\/\/segimo.ch\/en\/","name":"Segimo","description":"Groupe Immobilier Gen\u00e8ve - Vaud - Fribourg - Valais","publisher":{"@id":"https:\/\/segimo.ch\/en\/#organization"},"potentialAction":[{"@type":"SearchAction","target":{"@type":"EntryPoint","urlTemplate":"https:\/\/segimo.ch\/en\/?s={search_term_string}"},"query-input":{"@type":"PropertyValueSpecification","valueRequired":true,"valueName":"search_term_string"}}],"inLanguage":"en-US"},{"@type":"Organization","@id":"https:\/\/segimo.ch\/en\/#organization","name":"Segimo - Groupe immobilier","url":"https:\/\/segimo.ch\/en\/","logo":{"@type":"ImageObject","inLanguage":"en-US","@id":"https:\/\/segimo.ch\/en\/#\/schema\/logo\/image\/","url":"https:\/\/segimo.ch\/wp-content\/uploads\/2021\/02\/logo-segimo.png","contentUrl":"https:\/\/segimo.ch\/wp-content\/uploads\/2021\/02\/logo-segimo.png","width":600,"height":600,"caption":"Segimo - Groupe immobilier"},"image":{"@id":"https:\/\/segimo.ch\/en\/#\/schema\/logo\/image\/"}}]}},"_links":{"self":[{"href":"https:\/\/segimo.ch\/en\/wp-json\/wp\/v2\/casawp_property\/46337","targetHints":{"allow":["GET"]}}],"collection":[{"href":"https:\/\/segimo.ch\/en\/wp-json\/wp\/v2\/casawp_property"}],"about":[{"href":"https:\/\/segimo.ch\/en\/wp-json\/wp\/v2\/types\/casawp_property"}],"replies":[{"embeddable":true,"href":"https:\/\/segimo.ch\/en\/wp-json\/wp\/v2\/comments?post=46337"}],"version-history":[{"count":2,"href":"https:\/\/segimo.ch\/en\/wp-json\/wp\/v2\/casawp_property\/46337\/revisions"}],"predecessor-version":[{"id":46339,"href":"https:\/\/segimo.ch\/en\/wp-json\/wp\/v2\/casawp_property\/46337\/revisions\/46339"}],"wp:featuredmedia":[{"embeddable":true,"href":"https:\/\/segimo.ch\/en\/wp-json\/wp\/v2\/media\/46340"}],"wp:attachment":[{"href":"https:\/\/segimo.ch\/en\/wp-json\/wp\/v2\/media?parent=46337"}],"wp:term":[{"taxonomy":"casawp_category","embeddable":true,"href":"https:\/\/segimo.ch\/en\/wp-json\/wp\/v2\/casawp_category?post=46337"},{"taxonomy":"casawp_feature","embeddable":true,"href":"https:\/\/segimo.ch\/en\/wp-json\/wp\/v2\/casawp_feature?post=46337"},{"taxonomy":"casawp_utility","embeddable":true,"href":"https:\/\/segimo.ch\/en\/wp-json\/wp\/v2\/casawp_utility?post=46337"},{"taxonomy":"casawp_location","embeddable":true,"href":"https:\/\/segimo.ch\/en\/wp-json\/wp\/v2\/casawp_location?post=46337"},{"taxonomy":"casawp_salestype","embeddable":true,"href":"https:\/\/segimo.ch\/en\/wp-json\/wp\/v2\/casawp_salestype?post=46337"},{"taxonomy":"casawp_availability","embeddable":true,"href":"https:\/\/segimo.ch\/en\/wp-json\/wp\/v2\/casawp_availability?post=46337"},{"taxonomy":"casawp_region","embeddable":true,"href":"https:\/\/segimo.ch\/en\/wp-json\/wp\/v2\/casawp_region?post=46337"}],"curies":[{"name":"wp","href":"https:\/\/api.w.org\/{rel}","templated":true}]}}