{"id":56104,"date":"2026-09-04T10:45:33","date_gmt":"2026-09-04T08:45:33","guid":{"rendered":"https:\/\/segimo.ch\/Propri\u00e9t\u00e9\/1794180en-maison-de-maitre-louee-a-bellevue\/"},"modified":"2026-09-04T16:09:46","modified_gmt":"2026-09-04T14:09:46","slug":"1794180en-maison-de-maitre-louee-a-bellevue","status":"publish","type":"casawp_property","link":"https:\/\/segimo.ch\/en\/Propri\u00e9t\u00e9\/1794180en-maison-de-maitre-louee-a-bellevue\/","title":{"rendered":"Maison de ma\u00eetre lou\u00e9e \u00e0 Bellevue"},"content":{"rendered":"<p>Exceptionnelle propri\u00e9t\u00e9 datant de 1904 (r\u00e9nov\u00e9e en 1990 et en 2018), situ\u00e9e aux portes de Gen\u00e8ve et des Organisations internationales. Cette maison de caract\u00e8re est \u00e9difi\u00e9e sur une parcelle de 20&#8217;957 m2 incluant une for\u00eat.<\/p>\n<p>Elle se compl\u00e8te d&#8217;une d\u00e9pendance de deux studios ind\u00e9pendants.<\/p>\n<p>La propri\u00e9t\u00e9 est actuellement lou\u00e9e.<\/p>\n<p>Ann\u00e9e de construction : 1904<br \/>Ann\u00e9es de r\u00e9novation : 1990 et 2018<br \/>Zones : Agricole et for\u00eat<br \/>Surface parcelle : 20&#8217;000 m2<br \/>Surface habitable de maison : env. 350 m2<br \/>Sous-sol : 120 m2\u00a0<br \/>Nombre de pi\u00e8ces : 11<br \/>Surface habitable de la d\u00e9pendance : 56 m2\u00a0<br \/>Chauffage : Mazout<\/p>\n<p>Prix : CHF 4&#8217;490&#8217;000.-<\/p>\n<p>Pour plus d&#8217;information contactez Sidney 7\/7 au 079 874 01 10<\/p>\n<p>SEGIMO GROUPE IMMOBILIER<br \/>Agence immobili\u00e8re Suisse romande<br \/>Visitez notre site <a href=\"https:\/\/segimo.ch\/en\/\">www.segimo.ch<\/a><\/p>\n","protected":false},"excerpt":{"rendered":"<p>Exceptionnelle propri\u00e9t\u00e9 datant de 1904 (r\u00e9nov\u00e9e en 1990 et en 2018), situ\u00e9e aux portes de Gen\u00e8ve et des Organisations internationales. Cette maison de caract\u00e8re est \u00e9difi\u00e9e sur une parcelle de 20&#8217;957 m2 incluant une for\u00eat. Elle se compl\u00e8te d&#8217;une d\u00e9pendance de deux studios ind\u00e9pendants. La propri\u00e9t\u00e9 est actuellement lou\u00e9e. Ann\u00e9e de construction : 1904Ann\u00e9es de [&hellip;]<\/p>\n","protected":false},"author":0,"featured_media":56107,"parent":0,"menu_order":12,"comment_status":"closed","ping_status":"closed","template":"","meta":{"_et_pb_use_builder":"","_et_pb_old_content":"","_et_gb_content_width":"","footnotes":""},"casawp_category":[50],"casawp_feature":[],"casawp_utility":[56],"casawp_location":[143,59,60],"casawp_salestype":[57],"casawp_availability":[58],"casawp_region":[],"class_list":["post-56104","casawp_property","type-casawp_property","status-publish","has-post-thumbnail","hentry","casawp_category-single-house","casawp_utility-residential","casawp_location-locality_bellevue","casawp_location-country_ch","casawp_location-region_ge","casawp_salestype-buy","casawp_availability-active"],"yoast_head":"<!-- This site is optimized with the Yoast SEO plugin v28.2 - https:\/\/yoast.com\/product\/yoast-seo-wordpress\/ -->\n<title>Maison de ma\u00eetre lou\u00e9e \u00e0 Bellevue - Segimo<\/title>\n<meta name=\"robots\" content=\"index, follow, max-snippet:-1, max-image-preview:large, max-video-preview:-1\" \/>\n<link rel=\"canonical\" href=\"https:\/\/segimo.ch\/en\/Propri\u00e9t\u00e9\/1794180en-maison-de-maitre-louee-a-bellevue\/\" \/>\n<meta property=\"og:locale\" content=\"en_US\" \/>\n<meta property=\"og:type\" content=\"article\" \/>\n<meta property=\"og:title\" content=\"Maison de ma\u00eetre lou\u00e9e \u00e0 Bellevue - Segimo\" \/>\n<meta property=\"og:description\" content=\"Exceptionnelle propri\u00e9t\u00e9 datant de 1904 (r\u00e9nov\u00e9e en 1990 et en 2018), situ\u00e9e aux portes de Gen\u00e8ve et des Organisations internationales. Cette maison de caract\u00e8re est \u00e9difi\u00e9e sur une parcelle de 20&#8217;957 m2 incluant une for\u00eat. Elle se compl\u00e8te d&#8217;une d\u00e9pendance de deux studios ind\u00e9pendants. La propri\u00e9t\u00e9 est actuellement lou\u00e9e. Ann\u00e9e de construction : 1904Ann\u00e9es de [&hellip;]\" \/>\n<meta property=\"og:url\" content=\"https:\/\/segimo.ch\/en\/Propri\u00e9t\u00e9\/1794180en-maison-de-maitre-louee-a-bellevue\/\" \/>\n<meta property=\"og:site_name\" content=\"Segimo\" \/>\n<meta property=\"article:modified_time\" content=\"2026-09-04T14:09:46+00:00\" \/>\n<meta property=\"og:image\" content=\"https:\/\/segimo.ch\/wp-content\/uploads\/2020\/12\/elegant-vintage-livingroom-P26VCK5-min-e1608155848757.jpg\" \/>\n\t<meta property=\"og:image:width\" content=\"1980\" \/>\n\t<meta property=\"og:image:height\" content=\"1133\" \/>\n\t<meta property=\"og:image:type\" content=\"image\/jpeg\" \/>\n<meta name=\"twitter:card\" content=\"summary_large_image\" \/>\n<meta name=\"twitter:label1\" content=\"Est. reading time\" \/>\n\t<meta name=\"twitter:data1\" content=\"1 minute\" \/>\n<script type=\"application\/ld+json\" class=\"yoast-schema-graph\">{\"@context\":\"https:\\\/\\\/schema.org\",\"@graph\":[{\"@type\":\"WebPage\",\"@id\":\"https:\\\/\\\/segimo.ch\\\/en\\\/Propri\u00e9t\u00e9\\\/1794180en-maison-de-maitre-louee-a-bellevue\\\/\",\"url\":\"https:\\\/\\\/segimo.ch\\\/en\\\/Propri\u00e9t\u00e9\\\/1794180en-maison-de-maitre-louee-a-bellevue\\\/\",\"name\":\"Maison de ma\u00eetre lou\u00e9e \u00e0 Bellevue - Segimo\",\"isPartOf\":{\"@id\":\"https:\\\/\\\/segimo.ch\\\/en\\\/#website\"},\"primaryImageOfPage\":{\"@id\":\"https:\\\/\\\/segimo.ch\\\/en\\\/Propri\u00e9t\u00e9\\\/1794180en-maison-de-maitre-louee-a-bellevue\\\/#primaryimage\"},\"image\":{\"@id\":\"https:\\\/\\\/segimo.ch\\\/en\\\/Propri\u00e9t\u00e9\\\/1794180en-maison-de-maitre-louee-a-bellevue\\\/#primaryimage\"},\"thumbnailUrl\":\"https:\\\/\\\/cdn.casasoft.com\\\/media\\\/provider-13856\\\/property-1729774\\\/20f2c1bcb42a0302fb4a87a9692ad512.png?p=xl\",\"datePublished\":\"2026-09-04T08:45:33+00:00\",\"dateModified\":\"2026-09-04T14:09:46+00:00\",\"breadcrumb\":{\"@id\":\"https:\\\/\\\/segimo.ch\\\/en\\\/Propri\u00e9t\u00e9\\\/1794180en-maison-de-maitre-louee-a-bellevue\\\/#breadcrumb\"},\"inLanguage\":\"en-US\",\"potentialAction\":[{\"@type\":\"ReadAction\",\"target\":[\"https:\\\/\\\/segimo.ch\\\/en\\\/Propri\u00e9t\u00e9\\\/1794180en-maison-de-maitre-louee-a-bellevue\\\/\"]}]},{\"@type\":\"ImageObject\",\"inLanguage\":\"en-US\",\"@id\":\"https:\\\/\\\/segimo.ch\\\/en\\\/Propri\u00e9t\u00e9\\\/1794180en-maison-de-maitre-louee-a-bellevue\\\/#primaryimage\",\"url\":\"https:\\\/\\\/cdn.casasoft.com\\\/media\\\/provider-13856\\\/property-1729774\\\/20f2c1bcb42a0302fb4a87a9692ad512.png?p=xl\",\"contentUrl\":\"https:\\\/\\\/cdn.casasoft.com\\\/media\\\/provider-13856\\\/property-1729774\\\/20f2c1bcb42a0302fb4a87a9692ad512.png?p=xl\"},{\"@type\":\"BreadcrumbList\",\"@id\":\"https:\\\/\\\/segimo.ch\\\/en\\\/Propri\u00e9t\u00e9\\\/1794180en-maison-de-maitre-louee-a-bellevue\\\/#breadcrumb\",\"itemListElement\":[{\"@type\":\"ListItem\",\"position\":1,\"name\":\"Accueil\",\"item\":\"https:\\\/\\\/segimo.ch\\\/en\\\/\"},{\"@type\":\"ListItem\",\"position\":2,\"name\":\"Properties\",\"item\":\"https:\\\/\\\/segimo.ch\\\/en\\\/Propri\u00e9t\u00e9\\\/\"},{\"@type\":\"ListItem\",\"position\":3,\"name\":\"Maison de ma\u00eetre lou\u00e9e \u00e0 Bellevue\"}]},{\"@type\":\"WebSite\",\"@id\":\"https:\\\/\\\/segimo.ch\\\/en\\\/#website\",\"url\":\"https:\\\/\\\/segimo.ch\\\/en\\\/\",\"name\":\"Segimo\",\"description\":\"Groupe Immobilier Gen\u00e8ve - Vaud - Fribourg - Valais\",\"publisher\":{\"@id\":\"https:\\\/\\\/segimo.ch\\\/en\\\/#organization\"},\"potentialAction\":[{\"@type\":\"SearchAction\",\"target\":{\"@type\":\"EntryPoint\",\"urlTemplate\":\"https:\\\/\\\/segimo.ch\\\/en\\\/?s={search_term_string}\"},\"query-input\":{\"@type\":\"PropertyValueSpecification\",\"valueRequired\":true,\"valueName\":\"search_term_string\"}}],\"inLanguage\":\"en-US\"},{\"@type\":\"Organization\",\"@id\":\"https:\\\/\\\/segimo.ch\\\/en\\\/#organization\",\"name\":\"Segimo - Groupe immobilier\",\"url\":\"https:\\\/\\\/segimo.ch\\\/en\\\/\",\"logo\":{\"@type\":\"ImageObject\",\"inLanguage\":\"en-US\",\"@id\":\"https:\\\/\\\/segimo.ch\\\/en\\\/#\\\/schema\\\/logo\\\/image\\\/\",\"url\":\"https:\\\/\\\/segimo.ch\\\/wp-content\\\/uploads\\\/2021\\\/02\\\/logo-segimo.png\",\"contentUrl\":\"https:\\\/\\\/segimo.ch\\\/wp-content\\\/uploads\\\/2021\\\/02\\\/logo-segimo.png\",\"width\":600,\"height\":600,\"caption\":\"Segimo - Groupe immobilier\"},\"image\":{\"@id\":\"https:\\\/\\\/segimo.ch\\\/en\\\/#\\\/schema\\\/logo\\\/image\\\/\"}}]}<\/script>\n<!-- \/ Yoast SEO plugin. -->","yoast_head_json":{"title":"Maison de ma\u00eetre lou\u00e9e \u00e0 Bellevue - Segimo","robots":{"index":"index","follow":"follow","max-snippet":"max-snippet:-1","max-image-preview":"max-image-preview:large","max-video-preview":"max-video-preview:-1"},"canonical":"https:\/\/segimo.ch\/en\/Propri\u00e9t\u00e9\/1794180en-maison-de-maitre-louee-a-bellevue\/","og_locale":"en_US","og_type":"article","og_title":"Maison de ma\u00eetre lou\u00e9e \u00e0 Bellevue - Segimo","og_description":"Exceptionnelle propri\u00e9t\u00e9 datant de 1904 (r\u00e9nov\u00e9e en 1990 et en 2018), situ\u00e9e aux portes de Gen\u00e8ve et des Organisations internationales. Cette maison de caract\u00e8re est \u00e9difi\u00e9e sur une parcelle de 20&#8217;957 m2 incluant une for\u00eat. Elle se compl\u00e8te d&#8217;une d\u00e9pendance de deux studios ind\u00e9pendants. La propri\u00e9t\u00e9 est actuellement lou\u00e9e. Ann\u00e9e de construction : 1904Ann\u00e9es de [&hellip;]","og_url":"https:\/\/segimo.ch\/en\/Propri\u00e9t\u00e9\/1794180en-maison-de-maitre-louee-a-bellevue\/","og_site_name":"Segimo","article_modified_time":"2026-09-04T14:09:46+00:00","og_image":[{"width":1980,"height":1133,"url":"https:\/\/segimo.ch\/wp-content\/uploads\/2020\/12\/elegant-vintage-livingroom-P26VCK5-min-e1608155848757.jpg","type":"image\/jpeg"}],"twitter_card":"summary_large_image","twitter_misc":{"Est. reading time":"1 minute"},"schema":{"@context":"https:\/\/schema.org","@graph":[{"@type":"WebPage","@id":"https:\/\/segimo.ch\/en\/Propri\u00e9t\u00e9\/1794180en-maison-de-maitre-louee-a-bellevue\/","url":"https:\/\/segimo.ch\/en\/Propri\u00e9t\u00e9\/1794180en-maison-de-maitre-louee-a-bellevue\/","name":"Maison de ma\u00eetre lou\u00e9e \u00e0 Bellevue - Segimo","isPartOf":{"@id":"https:\/\/segimo.ch\/en\/#website"},"primaryImageOfPage":{"@id":"https:\/\/segimo.ch\/en\/Propri\u00e9t\u00e9\/1794180en-maison-de-maitre-louee-a-bellevue\/#primaryimage"},"image":{"@id":"https:\/\/segimo.ch\/en\/Propri\u00e9t\u00e9\/1794180en-maison-de-maitre-louee-a-bellevue\/#primaryimage"},"thumbnailUrl":"https:\/\/cdn.casasoft.com\/media\/provider-13856\/property-1729774\/20f2c1bcb42a0302fb4a87a9692ad512.png?p=xl","datePublished":"2026-09-04T08:45:33+00:00","dateModified":"2026-09-04T14:09:46+00:00","breadcrumb":{"@id":"https:\/\/segimo.ch\/en\/Propri\u00e9t\u00e9\/1794180en-maison-de-maitre-louee-a-bellevue\/#breadcrumb"},"inLanguage":"en-US","potentialAction":[{"@type":"ReadAction","target":["https:\/\/segimo.ch\/en\/Propri\u00e9t\u00e9\/1794180en-maison-de-maitre-louee-a-bellevue\/"]}]},{"@type":"ImageObject","inLanguage":"en-US","@id":"https:\/\/segimo.ch\/en\/Propri\u00e9t\u00e9\/1794180en-maison-de-maitre-louee-a-bellevue\/#primaryimage","url":"https:\/\/cdn.casasoft.com\/media\/provider-13856\/property-1729774\/20f2c1bcb42a0302fb4a87a9692ad512.png?p=xl","contentUrl":"https:\/\/cdn.casasoft.com\/media\/provider-13856\/property-1729774\/20f2c1bcb42a0302fb4a87a9692ad512.png?p=xl"},{"@type":"BreadcrumbList","@id":"https:\/\/segimo.ch\/en\/Propri\u00e9t\u00e9\/1794180en-maison-de-maitre-louee-a-bellevue\/#breadcrumb","itemListElement":[{"@type":"ListItem","position":1,"name":"Accueil","item":"https:\/\/segimo.ch\/en\/"},{"@type":"ListItem","position":2,"name":"Properties","item":"https:\/\/segimo.ch\/en\/Propri\u00e9t\u00e9\/"},{"@type":"ListItem","position":3,"name":"Maison de ma\u00eetre lou\u00e9e \u00e0 Bellevue"}]},{"@type":"WebSite","@id":"https:\/\/segimo.ch\/en\/#website","url":"https:\/\/segimo.ch\/en\/","name":"Segimo","description":"Groupe Immobilier Gen\u00e8ve - Vaud - Fribourg - Valais","publisher":{"@id":"https:\/\/segimo.ch\/en\/#organization"},"potentialAction":[{"@type":"SearchAction","target":{"@type":"EntryPoint","urlTemplate":"https:\/\/segimo.ch\/en\/?s={search_term_string}"},"query-input":{"@type":"PropertyValueSpecification","valueRequired":true,"valueName":"search_term_string"}}],"inLanguage":"en-US"},{"@type":"Organization","@id":"https:\/\/segimo.ch\/en\/#organization","name":"Segimo - Groupe immobilier","url":"https:\/\/segimo.ch\/en\/","logo":{"@type":"ImageObject","inLanguage":"en-US","@id":"https:\/\/segimo.ch\/en\/#\/schema\/logo\/image\/","url":"https:\/\/segimo.ch\/wp-content\/uploads\/2021\/02\/logo-segimo.png","contentUrl":"https:\/\/segimo.ch\/wp-content\/uploads\/2021\/02\/logo-segimo.png","width":600,"height":600,"caption":"Segimo - Groupe immobilier"},"image":{"@id":"https:\/\/segimo.ch\/en\/#\/schema\/logo\/image\/"}}]}},"_links":{"self":[{"href":"https:\/\/segimo.ch\/en\/wp-json\/wp\/v2\/casawp_property\/56104","targetHints":{"allow":["GET"]}}],"collection":[{"href":"https:\/\/segimo.ch\/en\/wp-json\/wp\/v2\/casawp_property"}],"about":[{"href":"https:\/\/segimo.ch\/en\/wp-json\/wp\/v2\/types\/casawp_property"}],"replies":[{"embeddable":true,"href":"https:\/\/segimo.ch\/en\/wp-json\/wp\/v2\/comments?post=56104"}],"version-history":[{"count":4,"href":"https:\/\/segimo.ch\/en\/wp-json\/wp\/v2\/casawp_property\/56104\/revisions"}],"predecessor-version":[{"id":56134,"href":"https:\/\/segimo.ch\/en\/wp-json\/wp\/v2\/casawp_property\/56104\/revisions\/56134"}],"wp:featuredmedia":[{"embeddable":true,"href":"https:\/\/segimo.ch\/en\/wp-json\/wp\/v2\/media\/56107"}],"wp:attachment":[{"href":"https:\/\/segimo.ch\/en\/wp-json\/wp\/v2\/media?parent=56104"}],"wp:term":[{"taxonomy":"casawp_category","embeddable":true,"href":"https:\/\/segimo.ch\/en\/wp-json\/wp\/v2\/casawp_category?post=56104"},{"taxonomy":"casawp_feature","embeddable":true,"href":"https:\/\/segimo.ch\/en\/wp-json\/wp\/v2\/casawp_feature?post=56104"},{"taxonomy":"casawp_utility","embeddable":true,"href":"https:\/\/segimo.ch\/en\/wp-json\/wp\/v2\/casawp_utility?post=56104"},{"taxonomy":"casawp_location","embeddable":true,"href":"https:\/\/segimo.ch\/en\/wp-json\/wp\/v2\/casawp_location?post=56104"},{"taxonomy":"casawp_salestype","embeddable":true,"href":"https:\/\/segimo.ch\/en\/wp-json\/wp\/v2\/casawp_salestype?post=56104"},{"taxonomy":"casawp_availability","embeddable":true,"href":"https:\/\/segimo.ch\/en\/wp-json\/wp\/v2\/casawp_availability?post=56104"},{"taxonomy":"casawp_region","embeddable":true,"href":"https:\/\/segimo.ch\/en\/wp-json\/wp\/v2\/casawp_region?post=56104"}],"curies":[{"name":"wp","href":"https:\/\/api.w.org\/{rel}","templated":true}]}}